{"id":790,"date":"2025-06-04T20:33:45","date_gmt":"2025-06-04T20:33:45","guid":{"rendered":"https:\/\/madrugadaturismorural.com\/?page_id=790"},"modified":"2026-04-20T18:16:55","modified_gmt":"2026-04-20T18:16:55","slug":"sala-de-trevo","status":"publish","type":"page","link":"https:\/\/madrugadaturismorural.com\/pt\/trevo-room\/","title":{"rendered":"Quarto Trevo"},"content":{"rendered":"<div data-elementor-type=\"wp-page\" data-elementor-id=\"790\" class=\"elementor elementor-790\">\n\t\t\t\t<div class=\"elementor-element elementor-element-af7b3ca e-con-full e-flex e-con e-parent\" data-id=\"af7b3ca\" data-element_type=\"container\" data-e-type=\"container\">\n\t\t\t\t<div class=\"elementor-element elementor-element-7b5f61d elementor-widget elementor-widget-html\" data-id=\"7b5f61d\" data-element_type=\"widget\" data-e-type=\"widget\" data-widget_type=\"html.default\">\n\t\t\t\t\t<style>\r\n    \/* --- HERO TREVO (VERDE) --- *\/\r\n    .es-trevo-hero {\r\n        position: relative;\r\n        height: 75vh; \r\n        min-height: 400px;\r\n        \/* --- \u00a1PON AQU\u00cd LA FOTO DEL CUARTO VERDE! --- *\/\r\n        background-image: url('https:\/\/madrugadaturismorural.com\/wp-content\/uploads\/2025\/06\/Trevo-Room-\u2013-Comfortable-Double-Bed-at-Madrugada-Evora.webp'); \r\n        background-size: cover;\r\n        background-position: center;\r\n        display: flex;\r\n        align-items: flex-end; \r\n        margin-bottom: 50px;\r\n    }\r\n\r\n    .es-trevo-overlay {\r\n        position: absolute;\r\n        top: 0; left: 0; width: 100%; height: 100%;\r\n        \/* Degradado Verde Oscuro *\/\r\n        background: linear-gradient(to bottom, rgba(28, 50, 30, 0.2), rgba(28, 50, 30, 0.9));\r\n    }\r\n\r\n    .es-hero-content {\r\n        position: relative;\r\n        z-index: 2;\r\n        padding: 40px 5%;\r\n        width: 100%;\r\n        max-width: 1200px;\r\n        margin: 0 auto;\r\n        color: #fff;\r\n    }\r\n\r\n    .es-flower-badge-green {\r\n        display: inline-block;\r\n        background-color: rgba(255,255,255,0.2);\r\n        backdrop-filter: blur(5px);\r\n        padding: 8px 16px;\r\n        border-radius: 30px;\r\n        font-size: 14px;\r\n        text-transform: uppercase;\r\n        letter-spacing: 2px;\r\n        border: 1px solid rgba(255,255,255,0.5);\r\n        margin-bottom: 15px;\r\n    }\r\n\r\n    .es-hero-content h1 {\r\n        font-size: 48px;\r\n        font-weight: 700;\r\n        margin: 0 0 10px 0;\r\n        color: #fff;\r\n        text-shadow: 0 2px 10px rgba(0,0,0,0.3);\r\n    }\r\n\r\n    .es-hero-price span {\r\n        font-weight: 700;\r\n        font-size: 32px;\r\n        color: #D97706; \r\n    }\r\n\r\n    @media (max-width: 768px) {\r\n        .es-trevo-hero { height: 50vh; }\r\n        .es-hero-content h1 { font-size: 32px; }\r\n    }\r\n<\/style>\r\n\r\n<div class=\"es-trevo-hero\">\r\n    <div class=\"es-trevo-overlay\"><\/div>\r\n    <div class=\"es-hero-content\">\r\n        <div class=\"es-flower-badge-green\"><i class=\"fas fa-leaf\"><\/i> A experi\u00eancia Trevo<\/div>\r\n        <h1>\ud83c\udf40 Quarto Trevo<\/h1>\r\n        <div class=\"es-hero-price\">De <span>\u20ac88<\/span> \/ noite<\/div>\r\n    <\/div>\r\n<\/div>\t\t\t\t<\/div>\n\t\t\t\t<\/div>\n\t\t<div class=\"elementor-element elementor-element-d68aa77 e-flex e-con-boxed e-con e-parent\" data-id=\"d68aa77\" data-element_type=\"container\" data-e-type=\"container\">\n\t\t\t\t\t<div class=\"e-con-inner\">\n\t\t<div class=\"elementor-element elementor-element-460ecc1 e-con-full e-flex e-con e-child\" data-id=\"460ecc1\" data-element_type=\"container\" data-e-type=\"container\">\n\t\t\t\t<div class=\"elementor-element elementor-element-17253ba elementor-widget elementor-widget-html\" data-id=\"17253ba\" data-element_type=\"widget\" data-e-type=\"widget\" data-widget_type=\"html.default\">\n\t\t\t\t\t<style>\r\n    \/* --- ESTILOS TREVO (VERDE) --- *\/\r\n    .es-room-details { font-family: 'Roboto', sans-serif; color: #555; }\r\n    \r\n    .es-room-details h2 { color: #1a2b40; font-size: 32px; font-weight: 700; margin-bottom: 20px; }\r\n    .es-room-details h2 span { color: #2E8B57; } \/* VERDE TREVO *\/\r\n    \r\n    .es-room-details h3 {\r\n        font-size: 20px; color: #1a2b40; margin-bottom: 20px;\r\n        font-weight: 700; text-transform: uppercase;\r\n        border-bottom: 2px solid #f0f0f0; padding-bottom: 10px; margin-top: 45px;\r\n    }\r\n\r\n    .es-room-intro { font-size: 16px; line-height: 1.8; margin-bottom: 30px; color: #444; }\r\n\r\n    \/* Specs Verde *\/\r\n    .es-room-specs-green {\r\n        display: flex; flex-wrap: wrap; gap: 15px; margin-bottom: 30px; padding: 20px;\r\n        background-color: #f4fbf6; \r\n        border-left: 4px solid #2E8B57; \r\n        border-radius: 8px;\r\n    }\r\n    .es-spec-item { display: flex; align-items: center; font-size: 14px; font-weight: 600; color: #1a2b40; margin-right: 15px; }\r\n    .es-spec-item i { color: #2E8B57; font-size: 18px; margin-right: 8px; }\r\n\r\n    \/* Highlights *\/\r\n    .es-feature-list { list-style: none; padding: 0; display: grid; grid-template-columns: 1fr 1fr; gap: 20px; }\r\n    .es-feature-list li { position: relative; padding-left: 30px; margin-bottom: 10px; font-size: 15px; }\r\n    .es-feature-list li::before {\r\n        content: '\\f00c'; font-family: 'Font Awesome 5 Free'; font-weight: 900;\r\n        position: absolute; left: 0; top: 2px; color: #D97706; \/* Naranja *\/\r\n    }\r\n\r\n    \/* Servicios *\/\r\n    .es-services-grid {\r\n        display: grid; grid-template-columns: repeat(auto-fill, minmax(200px, 1fr));\r\n        gap: 12px; background: #fff; border: 1px solid #eee; padding: 20px; border-radius: 10px;\r\n    }\r\n    .es-service-item { display: flex; align-items: center; font-size: 14px; color: #555; }\r\n    .es-service-item i { color: #2E8B57; margin-right: 10px; width: 15px; text-align: center; }\r\n    \r\n    \/* Pol\u00edticas y Reglas *\/\r\n    .es-policies-wrapper { display: grid; grid-template-columns: 1fr 1fr; gap: 20px; margin-top: 20px; }\r\n    .es-policy-box { background: #fff; border: 1px solid #eee; border-radius: 10px; padding: 20px; }\r\n    .es-policy-box h4 { margin: 0 0 15px 0; color: #1a2b40; font-size: 16px; font-weight: 700; }\r\n    .es-policy-box h4 i { color: #2E8B57; margin-right: 10px; }\r\n    \r\n    .es-policy-list { list-style: none; padding: 0; margin: 0; }\r\n    .es-policy-list li { margin-bottom: 10px; font-size: 14px; display: flex; align-items: flex-start; }\r\n    .es-policy-list li i { margin-right: 10px; margin-top: 3px; font-size: 12px; }\r\n\r\n    .icon-no { color: #dc3545; } \/* Rojo para prohibiciones *\/\r\n    .icon-ok { color: #28a745; } \/* Verde para check *\/\r\n\r\n    @media (max-width: 768px) { \r\n        .es-policies-wrapper, .es-feature-list { grid-template-columns: 1fr; } \r\n    }\r\n<\/style>\r\n\r\n<div class=\"es-room-details\">\r\n    \r\n    <h2>Conforto e Natureza para <span>Fam\u00edlia e amigos<\/span><\/h2>\r\n    <p class=\"es-room-intro\">\r\n        Desfrute do equil\u00edbrio perfeito entre espa\u00e7o e natureza no <strong>Sala Trevo<\/strong>. Concebido para um m\u00e1ximo de tr\u00eas pessoas, este quarto combina a paz do Alentejo com o conforto de que necessita. Quer seja um casal \u00e0 procura de espa\u00e7o extra ou uma pequena fam\u00edlia, a luz natural e a vista para o jardim f\u00e1-lo-\u00e3o sentir-se em casa.\r\n    <\/p>\r\n\r\n    <div class=\"es-room-specs-green\">\r\n        <div class=\"es-spec-item\"><i class=\"fas fa-ruler-combined\"><\/i> 18 m\u00b2<\/div>\r\n        <div class=\"es-spec-item\"><i class=\"fas fa-bed\"><\/i> 1 cama de casal + 1 cama individual<\/div>\r\n        <div class=\"es-spec-item\"><i class=\"fas fa-users\"><\/i> 3 Convidados<\/div>\r\n        <div class=\"es-spec-item\"><i class=\"fas fa-volume-mute\"><\/i> Insonoriza\u00e7\u00e3o<\/div>\r\n        <div class=\"es-spec-item\"><i class=\"fas fa-tree\"><\/i> Vistas do campo<\/div>\r\n    <\/div>\r\n\r\n    <h3>Porque \u00e9 que os h\u00f3spedes escolhem o Trevo<\/h3>\r\n    <ul class=\"es-feature-list\">\r\n        <li><strong>Conforto espa\u00e7oso:<\/strong> Ideal para fam\u00edlias ou amigos com v\u00e1rias camas.<\/li>\r\n        <li><strong>Controlo da climatiza\u00e7\u00e3o:<\/strong> Mantenha-se fresco com o ar condicionado no ver\u00e3o e confort\u00e1vel no inverno.<\/li>\r\n        <li><strong>Amigo do trabalho:<\/strong> Inclui uma secret\u00e1ria para trabalho remoto.<\/li>\r\n        <li><strong>Acesso ao jardim:<\/strong> Vistas diretas e acesso \u00e0s nossas tranquilas zonas verdes.<\/li>\r\n        <li><strong>Limpeza di\u00e1ria:<\/strong> Desfrute de um quarto impec\u00e1vel todos os dias.<\/li>\r\n        <li><strong>Pequeno-almo\u00e7o inclu\u00eddo:<\/strong> Produtos frescos locais servidos todas as manh\u00e3s.<\/li>\r\n    <\/ul>\r\n\r\n    <h3>Servi\u00e7os inclu\u00eddos<\/h3>\r\n    <div class=\"es-services-grid\">\r\n        <div class=\"es-service-item\"><i class=\"fas fa-snowflake\"><\/i> Ar condicionado<\/div>\r\n        <div class=\"es-service-item\"><i class=\"fas fa-bath\"><\/i> Casa de banho privativa<\/div>\r\n        <div class=\"es-service-item\"><i class=\"fas fa-wifi\"><\/i> WiFi<\/div>\r\n        <div class=\"es-service-item\"><i class=\"fas fa-box\"><\/i> Arm\u00e1rio<\/div>\r\n        <div class=\"es-service-item\"><i class=\"fas fa-toilet-paper\"><\/i> Papel higi\u00e9nico<\/div>\r\n        <div class=\"es-service-item\"><i class=\"fas fa-tshirt\"><\/i> Toalhas<\/div>\r\n        <div class=\"es-service-item\"><i class=\"fas fa-wind\"><\/i> Secador de cabelo <span style=\"font-size:12px; color:#888; margin-left:5px;\">(a pedido)<\/span><\/div>\r\n        <div class=\"es-service-item\"><i class=\"fas fa-bed\"><\/i> Folhas <span style=\"font-size:12px; color:#888; margin-left:5px;\">(taxa extra)<\/span><\/div>\r\n    <\/div>\r\n\r\n    <div class=\"es-policies-wrapper\">\r\n        \r\n        <div class=\"es-policy-box\">\r\n            <h4><i class=\"far fa-clock\"><\/i> Check-in e sa\u00edda<\/h4>\r\n            <ul class=\"es-policy-list\">\r\n                <li><i class=\"fas fa-sign-in-alt icon-ok\"><\/i> <strong>Check-in:<\/strong> A partir das 15:00<\/li>\r\n                <li><i class=\"fas fa-sign-out-alt icon-no\"><\/i> <strong>Check-out:<\/strong> At\u00e9 \u00e0s 12:00<\/li>\r\n            <\/ul>\r\n        <\/div>\r\n\r\n        <div class=\"es-policy-box\">\r\n            <h4><i class=\"fas fa-clipboard-list\"><\/i> Regras da casa<\/h4>\r\n            <ul class=\"es-policy-list\">\r\n                <li><i class=\"fas fa-ban icon-no\"><\/i> Fumar \u00e9 <strong>n\u00e3o autorizado<\/strong><\/li>\r\n                <li><i class=\"fas fa-paw icon-no\"><\/i> Os animais de estima\u00e7\u00e3o s\u00e3o <strong>n\u00e3o autorizado<\/strong><\/li>\r\n                <li><i class=\"fas fa-glass-cheers icon-no\"><\/i> Festas\/eventos <strong>n\u00e3o autorizado<\/strong><\/li>\r\n                <li><i class=\"fas fa-volume-mute icon-ok\"><\/i> Horas de sil\u00eancio: <strong>22:00 - 07:00<\/strong><\/li>\r\n            <\/ul>\r\n        <\/div>\r\n\r\n    <\/div>\r\n\r\n    <div style=\"margin-top: 30px; padding: 15px; background: #fff3cd; border-radius: 5px; font-size: 13px; color: #856404; display: flex; align-items: flex-start;\">\r\n        <i class=\"fas fa-info-circle\" style=\"margin-top: 3px; margin-right: 10px;\"><\/i>\r\n        <div>\r\n            <strong>Pol\u00edtica de cancelamento:<\/strong> As pol\u00edticas de cancelamento e pr\u00e9-pagamento podem variar consoante o alojamento e as datas de reserva. Por favor, verifique as condi\u00e7\u00f5es espec\u00edficas ao selecionar as suas datas.\r\n        <\/div>\r\n    \r\n    <\/div>\r\n\r\n<\/div>\t\t\t\t<\/div>\n\t\t\t\t<div class=\"elementor-element elementor-element-69e7fa5 elementor-widget elementor-widget-image-gallery\" data-id=\"69e7fa5\" data-element_type=\"widget\" data-e-type=\"widget\" data-widget_type=\"image-gallery.default\">\n\t\t\t\t\t\t\t<div class=\"elementor-image-gallery\">\n\t\t\t<div id='gallery-1' class='gallery galleryid-790 gallery-columns-3 gallery-size-medium_large'><figure class='gallery-item'>\n\t\t\t<div class='gallery-icon landscape'>\n\t\t\t\t<a data-elementor-open-lightbox=\"yes\" data-elementor-lightbox-slideshow=\"69e7fa5\" data-elementor-lightbox-title=\"Trevo Room \u2013 Perfect Stay in the Alentejo Region\" data-e-action-hash=\"#elementor-action%3Aaction%3Dlightbox%26settings%3DeyJpZCI6MTIyMSwidXJsIjoiaHR0cHM6XC9cL21hZHJ1Z2FkYXR1cmlzbW9ydXJhbC5jb21cL3dwLWNvbnRlbnRcL3VwbG9hZHNcLzIwMjVcLzA2XC9UcmV2by1Sb29tLVx1MjAxMy1QZXJmZWN0LVN0YXktaW4tdGhlLUFsZW50ZWpvLVJlZ2lvbi53ZWJwIiwic2xpZGVzaG93IjoiNjllN2ZhNSJ9\" href='https:\/\/madrugadaturismorural.com\/wp-content\/uploads\/2025\/06\/Trevo-Room---Perfect-Stay-in-the-Alentejo-Region.webp'><img fetchpriority=\"high\" decoding=\"async\" width=\"768\" height=\"432\" src=\"https:\/\/madrugadaturismorural.com\/wp-content\/uploads\/2025\/06\/Trevo-Room---Perfect-Stay-in-the-Alentejo-Region-768x432.webp\" class=\"attachment-medium_large size-medium_large\" alt=\"Vista completa do Quarto Trevo com cama de casal e cama individual.\" srcset=\"\" sizes=\"(max-width: 768px) 100vw, 768px\" data-srcset=\"\" \/><\/a>\n\t\t\t<\/div><\/figure><figure class='gallery-item'>\n\t\t\t<div class='gallery-icon landscape'>\n\t\t\t\t<a data-elementor-open-lightbox=\"yes\" data-elementor-lightbox-slideshow=\"69e7fa5\" data-elementor-lightbox-title=\"Trevo Room \u2013 Comfortable Double Bed at Madrugada \u00c9vora\" data-e-action-hash=\"#elementor-action%3Aaction%3Dlightbox%26settings%3DeyJpZCI6MTIxOSwidXJsIjoiaHR0cHM6XC9cL21hZHJ1Z2FkYXR1cmlzbW9ydXJhbC5jb21cL3dwLWNvbnRlbnRcL3VwbG9hZHNcLzIwMjVcLzA2XC9UcmV2by1Sb29tLVx1MjAxMy1Db21mb3J0YWJsZS1Eb3VibGUtQmVkLWF0LU1hZHJ1Z2FkYS1Fdm9yYS53ZWJwIiwic2xpZGVzaG93IjoiNjllN2ZhNSJ9\" href='https:\/\/madrugadaturismorural.com\/wp-content\/uploads\/2025\/06\/Trevo-Room-\u2013-Comfortable-Double-Bed-at-Madrugada-Evora.webp'><img decoding=\"async\" width=\"768\" height=\"432\" src=\"https:\/\/madrugadaturismorural.com\/wp-content\/uploads\/2025\/06\/Trevo-Room-\u2013-Comfortable-Double-Bed-at-Madrugada-Evora-768x432.webp\" class=\"attachment-medium_large size-medium_large\" alt=\"Design interior luminoso do quarto Trevo no Madrugada Turismo Rural\" srcset=\"https:\/\/madrugadaturismorural.com\/wp-content\/uploads\/2025\/06\/Trevo-Room-\u2013-Comfortable-Double-Bed-at-Madrugada-Evora-768x432.webp 768w, https:\/\/madrugadaturismorural.com\/wp-content\/uploads\/2025\/06\/Trevo-Room-\u2013-Comfortable-Double-Bed-at-Madrugada-Evora-300x169.webp 300w, https:\/\/madrugadaturismorural.com\/wp-content\/uploads\/2025\/06\/Trevo-Room-\u2013-Comfortable-Double-Bed-at-Madrugada-Evora-1024x576.webp 1024w, https:\/\/madrugadaturismorural.com\/wp-content\/uploads\/2025\/06\/Trevo-Room-\u2013-Comfortable-Double-Bed-at-Madrugada-Evora-1536x864.webp 1536w, https:\/\/madrugadaturismorural.com\/wp-content\/uploads\/2025\/06\/Trevo-Room-\u2013-Comfortable-Double-Bed-at-Madrugada-Evora.webp 2016w\" sizes=\"(max-width: 768px) 100vw, 768px\" \/><\/a>\n\t\t\t<\/div><\/figure><figure class='gallery-item'>\n\t\t\t<div class='gallery-icon landscape'>\n\t\t\t\t<a data-elementor-open-lightbox=\"yes\" data-elementor-lightbox-slideshow=\"69e7fa5\" data-elementor-lightbox-title=\"room trevo air aconditionation\" data-e-action-hash=\"#elementor-action%3Aaction%3Dlightbox%26settings%3DeyJpZCI6MjAzOSwidXJsIjoiaHR0cHM6XC9cL21hZHJ1Z2FkYXR1cmlzbW9ydXJhbC5jb21cL3dwLWNvbnRlbnRcL3VwbG9hZHNcLzIwMjVcLzA2XC9yb29tLXRyZXZvLWFpci1hY29uZGl0aW9uYXRpb24uanBnIiwic2xpZGVzaG93IjoiNjllN2ZhNSJ9\" href='https:\/\/madrugadaturismorural.com\/wp-content\/uploads\/2025\/06\/room-trevo-air-aconditionation.jpg'><img decoding=\"async\" width=\"768\" height=\"433\" src=\"https:\/\/madrugadaturismorural.com\/wp-content\/uploads\/2025\/06\/room-trevo-air-aconditionation-768x433.jpg\" class=\"attachment-medium_large size-medium_large\" alt=\"\" srcset=\"https:\/\/madrugadaturismorural.com\/wp-content\/uploads\/2025\/06\/room-trevo-air-aconditionation-768x433.jpg 768w, https:\/\/madrugadaturismorural.com\/wp-content\/uploads\/2025\/06\/room-trevo-air-aconditionation-300x169.jpg 300w, https:\/\/madrugadaturismorural.com\/wp-content\/uploads\/2025\/06\/room-trevo-air-aconditionation-1024x578.jpg 1024w, https:\/\/madrugadaturismorural.com\/wp-content\/uploads\/2025\/06\/room-trevo-air-aconditionation-1536x866.jpg 1536w, https:\/\/madrugadaturismorural.com\/wp-content\/uploads\/2025\/06\/room-trevo-air-aconditionation-18x10.jpg 18w, https:\/\/madrugadaturismorural.com\/wp-content\/uploads\/2025\/06\/room-trevo-air-aconditionation.jpg 2000w\" sizes=\"(max-width: 768px) 100vw, 768px\" \/><\/a>\n\t\t\t<\/div><\/figure><figure class='gallery-item'>\n\t\t\t<div class='gallery-icon landscape'>\n\t\t\t\t<a data-elementor-open-lightbox=\"yes\" data-elementor-lightbox-slideshow=\"69e7fa5\" data-elementor-lightbox-title=\"Room trevo general view\" data-e-action-hash=\"#elementor-action%3Aaction%3Dlightbox%26settings%3DeyJpZCI6MjAzNywidXJsIjoiaHR0cHM6XC9cL21hZHJ1Z2FkYXR1cmlzbW9ydXJhbC5jb21cL3dwLWNvbnRlbnRcL3VwbG9hZHNcLzIwMjVcLzA2XC9Sb29tLXRyZXZvLWdlbmVyYWwtdmlldy53ZWJwIiwic2xpZGVzaG93IjoiNjllN2ZhNSJ9\" href='https:\/\/madrugadaturismorural.com\/wp-content\/uploads\/2025\/06\/Trevo-Room-\u2013-Perfect-Stay-in-the-Alentejo-Region.webp'><img loading=\"lazy\" decoding=\"async\" width=\"768\" height=\"432\" src=\"https:\/\/madrugadaturismorural.com\/wp-content\/uploads\/2025\/06\/Room-trevo-general-view-768x432.webp\" class=\"attachment-medium_large size-medium_large\" alt=\"\" srcset=\"https:\/\/madrugadaturismorural.com\/wp-content\/uploads\/2025\/06\/Room-trevo-general-view-768x432.webp 768w, https:\/\/madrugadaturismorural.com\/wp-content\/uploads\/2025\/06\/Room-trevo-general-view-300x169.webp 300w, https:\/\/madrugadaturismorural.com\/wp-content\/uploads\/2025\/06\/Room-trevo-general-view-1024x576.webp 1024w, https:\/\/madrugadaturismorural.com\/wp-content\/uploads\/2025\/06\/Room-trevo-general-view-1536x864.webp 1536w, https:\/\/madrugadaturismorural.com\/wp-content\/uploads\/2025\/06\/Room-trevo-general-view-18x10.webp 18w, https:\/\/madrugadaturismorural.com\/wp-content\/uploads\/2025\/06\/Room-trevo-general-view.webp 2016w\" sizes=\"(max-width: 768px) 100vw, 768px\" \/><\/a>\n\t\t\t<\/div><\/figure><figure class='gallery-item'>\n\t\t\t<div class='gallery-icon landscape'>\n\t\t\t\t<a data-elementor-open-lightbox=\"yes\" data-elementor-lightbox-slideshow=\"69e7fa5\" data-elementor-lightbox-title=\"bahtroom trevo madrugada turismo rural\" data-e-action-hash=\"#elementor-action%3Aaction%3Dlightbox%26settings%3DeyJpZCI6MjAzOCwidXJsIjoiaHR0cHM6XC9cL21hZHJ1Z2FkYXR1cmlzbW9ydXJhbC5jb21cL3dwLWNvbnRlbnRcL3VwbG9hZHNcLzIwMjVcLzA2XC9iYWh0cm9vbS10cmV2by1tYWRydWdhZGEtdHVyaXNtby1ydXJhbC53ZWJwIiwic2xpZGVzaG93IjoiNjllN2ZhNSJ9\" href='https:\/\/madrugadaturismorural.com\/wp-content\/uploads\/2025\/06\/bahtroom-trevo-madrugada-turismo-rural.webp'><img loading=\"lazy\" decoding=\"async\" width=\"768\" height=\"432\" src=\"https:\/\/madrugadaturismorural.com\/wp-content\/uploads\/2025\/06\/bahtroom-trevo-madrugada-turismo-rural-768x432.webp\" class=\"attachment-medium_large size-medium_large\" alt=\"\" srcset=\"https:\/\/madrugadaturismorural.com\/wp-content\/uploads\/2025\/06\/bahtroom-trevo-madrugada-turismo-rural-768x432.webp 768w, https:\/\/madrugadaturismorural.com\/wp-content\/uploads\/2025\/06\/bahtroom-trevo-madrugada-turismo-rural-300x169.webp 300w, https:\/\/madrugadaturismorural.com\/wp-content\/uploads\/2025\/06\/bahtroom-trevo-madrugada-turismo-rural-1024x576.webp 1024w, https:\/\/madrugadaturismorural.com\/wp-content\/uploads\/2025\/06\/bahtroom-trevo-madrugada-turismo-rural-1536x864.webp 1536w, https:\/\/madrugadaturismorural.com\/wp-content\/uploads\/2025\/06\/bahtroom-trevo-madrugada-turismo-rural-18x10.webp 18w, https:\/\/madrugadaturismorural.com\/wp-content\/uploads\/2025\/06\/bahtroom-trevo-madrugada-turismo-rural.webp 2016w\" sizes=\"(max-width: 768px) 100vw, 768px\" \/><\/a>\n\t\t\t<\/div><\/figure><figure class='gallery-item'>\n\t\t\t<div class='gallery-icon landscape'>\n\t\t\t\t<a data-elementor-open-lightbox=\"yes\" data-elementor-lightbox-slideshow=\"69e7fa5\" data-elementor-lightbox-title=\"Relaxing-Atmosphere-in-Trevo-Room-\u2013-BB-in-Evora.webp\" data-e-action-hash=\"#elementor-action%3Aaction%3Dlightbox%26settings%3DeyJpZCI6MTQzMSwidXJsIjoiaHR0cHM6XC9cL21hZHJ1Z2FkYXR1cmlzbW9ydXJhbC5jb21cL3dwLWNvbnRlbnRcL3VwbG9hZHNcLzIwMjVcLzA2XC9SZWxheGluZy1BdG1vc3BoZXJlLWluLVRyZXZvLVJvb20tXHUyMDEzLUJCLWluLUV2b3JhLTEud2VicCIsInNsaWRlc2hvdyI6IjY5ZTdmYTUifQ%3D%3D\" href='https:\/\/madrugadaturismorural.com\/wp-content\/uploads\/2025\/06\/Relaxing-Atmosphere-in-Trevo-Room-\u2013-BB-in-Evora-1.webp'><img loading=\"lazy\" decoding=\"async\" width=\"768\" height=\"432\" src=\"https:\/\/madrugadaturismorural.com\/wp-content\/uploads\/2025\/06\/Relaxing-Atmosphere-in-Trevo-Room-\u2013-BB-in-Evora-1-768x432.webp\" class=\"attachment-medium_large size-medium_large\" alt=\"\" srcset=\"https:\/\/madrugadaturismorural.com\/wp-content\/uploads\/2025\/06\/Relaxing-Atmosphere-in-Trevo-Room-\u2013-BB-in-Evora-1-768x432.webp 768w, https:\/\/madrugadaturismorural.com\/wp-content\/uploads\/2025\/06\/Relaxing-Atmosphere-in-Trevo-Room-\u2013-BB-in-Evora-1-300x169.webp 300w, https:\/\/madrugadaturismorural.com\/wp-content\/uploads\/2025\/06\/Relaxing-Atmosphere-in-Trevo-Room-\u2013-BB-in-Evora-1-1024x576.webp 1024w, https:\/\/madrugadaturismorural.com\/wp-content\/uploads\/2025\/06\/Relaxing-Atmosphere-in-Trevo-Room-\u2013-BB-in-Evora-1-1536x864.webp 1536w, https:\/\/madrugadaturismorural.com\/wp-content\/uploads\/2025\/06\/Relaxing-Atmosphere-in-Trevo-Room-\u2013-BB-in-Evora-1.webp 2016w\" sizes=\"(max-width: 768px) 100vw, 768px\" \/><\/a>\n\t\t\t<\/div><\/figure><figure class='gallery-item'>\n\t\t\t<div class='gallery-icon landscape'>\n\t\t\t\t<a data-elementor-open-lightbox=\"yes\" data-elementor-lightbox-slideshow=\"69e7fa5\" data-elementor-lightbox-title=\"Natural Light and Garden Views \u2013 Trevo Room \u00c9vora\" data-e-action-hash=\"#elementor-action%3Aaction%3Dlightbox%26settings%3DeyJpZCI6MTIyNCwidXJsIjoiaHR0cHM6XC9cL21hZHJ1Z2FkYXR1cmlzbW9ydXJhbC5jb21cL3dwLWNvbnRlbnRcL3VwbG9hZHNcLzIwMjVcLzA2XC9OYXR1cmFsLUxpZ2h0LWFuZC1HYXJkZW4tVmlld3MtXHUyMDEzLVRyZXZvLVJvb20tRXZvcmEud2VicCIsInNsaWRlc2hvdyI6IjY5ZTdmYTUifQ%3D%3D\" href='https:\/\/madrugadaturismorural.com\/wp-content\/uploads\/2025\/06\/Natural-Light-and-Garden-Views-\u2013-Trevo-Room-Evora.webp'><img loading=\"lazy\" decoding=\"async\" width=\"768\" height=\"432\" src=\"https:\/\/madrugadaturismorural.com\/wp-content\/uploads\/2025\/06\/Natural-Light-and-Garden-Views-\u2013-Trevo-Room-Evora-768x432.webp\" class=\"attachment-medium_large size-medium_large\" alt=\"\" srcset=\"https:\/\/madrugadaturismorural.com\/wp-content\/uploads\/2025\/06\/Natural-Light-and-Garden-Views-\u2013-Trevo-Room-Evora-768x432.webp 768w, https:\/\/madrugadaturismorural.com\/wp-content\/uploads\/2025\/06\/Natural-Light-and-Garden-Views-\u2013-Trevo-Room-Evora-300x169.webp 300w, https:\/\/madrugadaturismorural.com\/wp-content\/uploads\/2025\/06\/Natural-Light-and-Garden-Views-\u2013-Trevo-Room-Evora-1024x576.webp 1024w, https:\/\/madrugadaturismorural.com\/wp-content\/uploads\/2025\/06\/Natural-Light-and-Garden-Views-\u2013-Trevo-Room-Evora-1536x864.webp 1536w, https:\/\/madrugadaturismorural.com\/wp-content\/uploads\/2025\/06\/Natural-Light-and-Garden-Views-\u2013-Trevo-Room-Evora.webp 2016w\" sizes=\"(max-width: 768px) 100vw, 768px\" \/><\/a>\n\t\t\t<\/div><\/figure><figure class='gallery-item'>\n\t\t\t<div class='gallery-icon landscape'>\n\t\t\t\t<a data-elementor-open-lightbox=\"yes\" data-elementor-lightbox-slideshow=\"69e7fa5\" data-elementor-lightbox-title=\"table near the window with natural light-room trevo\" data-e-action-hash=\"#elementor-action%3Aaction%3Dlightbox%26settings%3DeyJpZCI6MjAzNiwidXJsIjoiaHR0cHM6XC9cL21hZHJ1Z2FkYXR1cmlzbW9ydXJhbC5jb21cL3dwLWNvbnRlbnRcL3VwbG9hZHNcLzIwMjVcLzA2XC90YWJsZS1uZWFyLXRoZS13aW5kb3ctd2l0aC1uYXR1cmFsLWxpZ2h0LXJvb20tdHJldm8ud2VicCIsInNsaWRlc2hvdyI6IjY5ZTdmYTUifQ%3D%3D\" href='https:\/\/madrugadaturismorural.com\/wp-content\/uploads\/2025\/06\/table-near-the-window-with-natural-light-room-trevo.webp'><img loading=\"lazy\" decoding=\"async\" width=\"768\" height=\"432\" src=\"https:\/\/madrugadaturismorural.com\/wp-content\/uploads\/2025\/06\/table-near-the-window-with-natural-light-room-trevo-768x432.webp\" class=\"attachment-medium_large size-medium_large\" alt=\"mesa perto da janela com luz natural-sala de trevo. madrugada turismo rural\" srcset=\"https:\/\/madrugadaturismorural.com\/wp-content\/uploads\/2025\/06\/table-near-the-window-with-natural-light-room-trevo-768x432.webp 768w, https:\/\/madrugadaturismorural.com\/wp-content\/uploads\/2025\/06\/table-near-the-window-with-natural-light-room-trevo-300x169.webp 300w, https:\/\/madrugadaturismorural.com\/wp-content\/uploads\/2025\/06\/table-near-the-window-with-natural-light-room-trevo-1024x576.webp 1024w, https:\/\/madrugadaturismorural.com\/wp-content\/uploads\/2025\/06\/table-near-the-window-with-natural-light-room-trevo-1536x864.webp 1536w, https:\/\/madrugadaturismorural.com\/wp-content\/uploads\/2025\/06\/table-near-the-window-with-natural-light-room-trevo-18x10.webp 18w, https:\/\/madrugadaturismorural.com\/wp-content\/uploads\/2025\/06\/table-near-the-window-with-natural-light-room-trevo.webp 2016w\" sizes=\"(max-width: 768px) 100vw, 768px\" \/><\/a>\n\t\t\t<\/div><\/figure>\n\t\t<\/div>\n\t\t<\/div>\n\t\t\t\t\t\t<\/div>\n\t\t\t\t<\/div>\n\t\t<div class=\"elementor-element elementor-element-a5f17ca e-con-full e-flex e-con e-child\" data-id=\"a5f17ca\" data-element_type=\"container\" data-e-type=\"container\">\n\t\t\t\t<div class=\"elementor-element elementor-element-f51b403 elementor-widget elementor-widget-html\" data-id=\"f51b403\" data-element_type=\"widget\" data-e-type=\"widget\" data-widget_type=\"html.default\">\n\t\t\t\t\t<style>\r\n    .es-booking-sidebar-green {\r\n        background: #fff; padding: 30px; border-radius: 15px;\r\n        box-shadow: 0 10px 40px rgba(0,0,0,0.1);\r\n        border-top: 5px solid #2E8B57; \/* EL TOQUE VERDE TREVO *\/\r\n        width: 100%; box-sizing: border-box; margin-bottom: 30px;\r\n    }\r\n    .es-booking-sidebar-green h3 {\r\n        color: #1a2b40; font-size: 20px; margin-bottom: 20px;\r\n        text-align: center; border-bottom: 1px solid #eee; padding-bottom: 15px;\r\n    }\r\n<\/style>\r\n\r\n<div class=\"es-booking-sidebar-green\">\r\n    <h3>Reservar a sua estadia<\/h3>\r\n    \r\n    \r\n\r\n    <div style=\"margin-top: 20px; border-top: 1px dashed #ccc; padding-top: 20px;\">\r\n        <p style=\"text-align:center; font-size:14px; color:#666;\">Disponibilidade<\/p>\r\n        \r\n    <\/div>\r\n<\/div>\t\t\t\t<\/div>\n\t\t\t\t<\/div>\n\t\t\t\t\t<\/div>\n\t\t\t\t<\/div>\n\t\t<div class=\"elementor-element elementor-element-fb43b74 e-flex e-con-boxed e-con e-parent\" data-id=\"fb43b74\" data-element_type=\"container\" data-e-type=\"container\">\n\t\t\t\t\t<div class=\"e-con-inner\">\n\t\t\t\t<div class=\"elementor-element elementor-element-f43f6d9 elementor-widget elementor-widget-html\" data-id=\"f43f6d9\" data-element_type=\"widget\" data-e-type=\"widget\" data-widget_type=\"html.default\">\n\t\t\t\t\t<style>\r\n    \/* --- SECCI\u00d3N OTRAS HABITACIONES --- *\/\r\n    .es-other-rooms-section {\r\n        padding: 60px 20px;\r\n        background-color: #fff!important;\r\n        text-align: center;\r\n        border-top: 1px solid #eee;\r\n        font-family: 'Roboto', sans-serif;\r\n    }\r\n\r\n    .es-other-rooms-title {\r\n        color: #1a2b40;\r\n        font-size: 28px;\r\n        font-weight: 700;\r\n        margin-bottom: 40px;\r\n        text-transform: uppercase;\r\n        letter-spacing: 1px;\r\n    }\r\n\r\n    \/* Grid de 2 Columnas (PC) *\/\r\n    .es-rooms-nav-grid {\r\n        display: grid;\r\n        grid-template-columns: repeat(auto-fit, minmax(300px, 1fr));\r\n        gap: 30px;\r\n        max-width: 900px;\r\n        margin: 0 auto;\r\n    }\r\n\r\n    \/* Tarjeta de Habitaci\u00f3n *\/\r\n    .es-room-nav-card {\r\n        position: relative; \r\n        border-radius: 15px;\r\n        overflow: hidden;\r\n        height: 350px; \/* Altura en PC *\/\r\n        box-shadow: 0 10px 20px rgba(0,0,0,0.1);\r\n        transition: transform 0.3s ease;\r\n        text-decoration: none;\r\n        display: block;\r\n        background-color: #000;\r\n    }\r\n\r\n    .es-room-nav-card:hover {\r\n        transform: translateY(-5px);\r\n    }\r\n\r\n    \/* --- IMAGEN ABSOLUTA (Full Cover) --- *\/\r\n    .es-nav-bg {\r\n        position: absolute !important;\r\n        top: 0;\r\n        left: 0;\r\n        width: 100% !important;\r\n        height: 100% !important;\r\n        object-fit: cover !important;\r\n        z-index: 1;\r\n        margin: 0 !important;\r\n        padding: 0 !important;\r\n    }\r\n\r\n    .es-room-nav-card:hover .es-nav-bg {\r\n        transform: scale(1.1);\r\n        transition: transform 0.5s ease;\r\n    }\r\n\r\n    \/* Overlay (Capa oscura) *\/\r\n    .es-nav-overlay {\r\n        position: absolute;\r\n        bottom: 0; left: 0; width: 100%; height: 60%;\r\n        background: linear-gradient(to top, rgba(0,0,0,0.9), transparent);\r\n        display: flex;\r\n        flex-direction: column;\r\n        justify-content: flex-end;\r\n        padding: 30px;\r\n        text-align: left;\r\n        z-index: 2;\r\n    }\r\n\r\n    \/* Textos *\/\r\n    .es-nav-title {\r\n        color: #fff!important;\r\n        font-size: 28px!important;\r\n        font-weight: 700;\r\n        margin: 0 0 5px 0;\r\n        text-shadow: 0 2px 4px rgba(0,0,0,0.5);\r\n    }\r\n\r\n    .es-nav-desc {\r\n        color: #ddd!important;\r\n        font-size: 14px;\r\n        margin: 0 0 15px 0;\r\n    }\r\n\r\n    \/* Bot\u00f3n *\/\r\n    .es-nav-btn {\r\n        display: inline-block;\r\n        padding: 8px 20px;\r\n        background: rgba(255,255,255,0.2);\r\n        backdrop-filter: blur(5px);\r\n        color: #fff;\r\n        border-radius: 20px;\r\n        font-size: 13px;\r\n        font-weight: 700;\r\n        text-transform: uppercase;\r\n        border: 1px solid rgba(255,255,255,0.5);\r\n        width: fit-content;\r\n    }\r\n\r\n    .es-room-nav-card:hover .es-nav-btn {\r\n        background: #fff;\r\n        color: #333;\r\n    }\r\n\r\n    \/* Colores por habitaci\u00f3n *\/\r\n    .es-card-lavanda .es-nav-btn { border-color: #2A6FC1; }\r\n    .es-card-lavanda:hover .es-nav-btn { color: #2A6FC1; }\r\n\r\n    .es-card-papoila .es-nav-btn { border-color: #800020; }\r\n    .es-card-papoila:hover .es-nav-btn { color: #800020; }\r\n\r\n    \/* --- RESPONSIVE M\u00d3VIL (Lo que pediste) --- *\/\r\n    @media (max-width: 768px) {\r\n        .es-rooms-nav-grid {\r\n            grid-template-columns: 1fr; \/* Fuerza 1 sola columna *\/\r\n            gap: 20px;\r\n        }\r\n\r\n        .es-room-nav-card {\r\n            height: 280px; \/* Un poco m\u00e1s bajitas en m\u00f3vil para no ocupar toda la pantalla *\/\r\n        }\r\n\r\n        .es-other-rooms-title {\r\n            font-size: 24px; \/* T\u00edtulo un pelo m\u00e1s peque\u00f1o *\/\r\n            margin-bottom: 30px;\r\n        }\r\n\r\n        .es-nav-overlay {\r\n            padding: 20px; \/* Menos relleno en m\u00f3vil *\/\r\n        }\r\n    }\r\n<\/style>\r\n\r\n\r\n<div class=\"es-other-rooms-section\">\r\n    <h3 class=\"es-other-rooms-title\">N\u00e3o \u00e9 a op\u00e7\u00e3o certa? Explore as nossas outras suites<\/h3>\r\n    \r\n    <div class=\"es-rooms-nav-grid\">\r\n\r\n        <a href=\"\/pt\/quarto-lavanda\/\" class=\"es-room-nav-card es-card-lavanda\">\r\n            <img decoding=\"async\" src=\"https:\/\/madrugadaturismorural.com\/wp-content\/uploads\/2026\/02\/lavanda-room-alentejo-rural-accommodation-home.webp\" alt=\"Sala Trevo\" class=\"es-nav-bg\">\r\n            <div class=\"es-nav-overlay\">\r\n                <h4 class=\"es-nav-title\">\ud83e\udebbLavanda<\/h4>\r\n                <p class=\"es-nav-desc\">Serenidade e calma (azul)<\/p>\r\n                <span class=\"es-nav-btn\">Ver detalhes<\/span>\r\n            <\/div>\r\n        <\/a>\r\n\r\n        <a href=\"\/pt\/quarto-papoila\/\" class=\"es-room-nav-card es-card-papoila\">\r\n            <img decoding=\"async\" src=\"https:\/\/madrugadaturismorural.com\/wp-content\/uploads\/2026\/02\/Triple-Deluxe-Room-madrugada-home.webp\" alt=\"Quarto Papoila\" class=\"es-nav-bg\">\r\n            <div class=\"es-nav-overlay\">\r\n                <h4 class=\"es-nav-title\">\ud83c\udf39Sala deapoila<\/h4>\r\n                <p class=\"es-nav-desc\">Paix\u00e3o e conforto (vermelho)<\/p>\r\n                <span class=\"es-nav-btn\">Ver detalhes<\/span>\r\n            <\/div>\r\n        <\/a>\r\n\r\n    <\/div>\r\n<\/div>\t\t\t\t<\/div>\n\t\t\t\t\t<\/div>\n\t\t\t\t<\/div>\n\t\t\t\t<\/div>","protected":false},"excerpt":{"rendered":"<p>The Trevo Experience \ud83c\udf40 Trevo Room From \u20ac88 \/ night Comfort &#038; Nature for Family &#038; Friends Enjoy the perfect balance of space and nature in the Trevo Room. Designed for up to three people, this room combines the peace of the Alentejo with the comfort you need. Whether you are a couple looking for [&hellip;]<\/p>\n","protected":false},"author":1,"featured_media":0,"parent":0,"menu_order":0,"comment_status":"closed","ping_status":"closed","template":"elementor_header_footer","meta":{"footnotes":""},"class_list":["post-790","page","type-page","status-publish","hentry"],"_links":{"self":[{"href":"https:\/\/madrugadaturismorural.com\/pt\/wp-json\/wp\/v2\/pages\/790","targetHints":{"allow":["GET"]}}],"collection":[{"href":"https:\/\/madrugadaturismorural.com\/pt\/wp-json\/wp\/v2\/pages"}],"about":[{"href":"https:\/\/madrugadaturismorural.com\/pt\/wp-json\/wp\/v2\/types\/page"}],"author":[{"embeddable":true,"href":"https:\/\/madrugadaturismorural.com\/pt\/wp-json\/wp\/v2\/users\/1"}],"replies":[{"embeddable":true,"href":"https:\/\/madrugadaturismorural.com\/pt\/wp-json\/wp\/v2\/comments?post=790"}],"version-history":[{"count":0,"href":"https:\/\/madrugadaturismorural.com\/pt\/wp-json\/wp\/v2\/pages\/790\/revisions"}],"wp:attachment":[{"href":"https:\/\/madrugadaturismorural.com\/pt\/wp-json\/wp\/v2\/media?parent=790"}],"curies":[{"name":"wp","href":"https:\/\/api.w.org\/{rel}","templated":true}]}}